{"id":782,"date":"2019-06-20T11:58:47","date_gmt":"2019-06-20T09:58:47","guid":{"rendered":"http:\/\/culoz.fr\/dvlpt\/?page_id=782"},"modified":"2023-01-17T17:12:23","modified_gmt":"2023-01-17T16:12:23","slug":"services-administratifs","status":"publish","type":"page","link":"https:\/\/culoz-beon.fr\/?page_id=782","title":{"rendered":"Services administratifs"},"content":{"rendered":"\n<section class=\"wp-block-uagb-section uagb-section__wrap uagb-section__background-image alignfull uagb-block-16128506\"><div class=\"uagb-section__overlay\"><\/div><div class=\"uagb-section__inner-wrap\">\n\n<h1 class=\"titre-page-bandeau wp-block-heading\">Services administratifs<\/h1>\n\n<\/div><\/section>\n\n\n\n<p><\/p>\n\n\n\n<h2 class=\"wp-block-heading\"> La mairie d\u00e9l\u00e9gu\u00e9e de Culoz est ouverte :  <\/h2>\n\n\n<div class=\"wp-block-uagb-icon-list uagb-icon-list__outer-wrap uagb-icon-list__layout-vertical uagb-block-d9be37e6-030c-4483-9c95-bee59c4693d5\">\n<div class=\"uagb-icon-list__wrap\">\n<div class=\"uagb-icon-list-repeater-0 uagb-icon-list__wrapper\">\n<div class=\"uagb-icon-list__content-wrap\">\n<div class=\"uagb-icon-list__label-wrap\"><span class=\"uagb-icon-list__label\"><strong>Lundi<\/strong> : 9h &#8211; 12h\u00a0<\/span><\/div>\n<div class=\"uagb-icon-list__label-wrap\"><strong>Mardi<\/strong> : 9h &#8211; 12h et 14h &#8211; 17h30<\/div>\n<\/div>\n<\/div>\n<div class=\"uagb-icon-list-repeater-2 uagb-icon-list__wrapper\">\n<div class=\"uagb-icon-list__content-wrap\">\n<div class=\"uagb-icon-list__label-wrap\"><span class=\"uagb-icon-list__label\"><strong>Mercredi<\/strong> : 9h &#8211; 12h <\/span><\/div>\n<\/div>\n<\/div>\n<div class=\"uagb-icon-list-repeater-3 uagb-icon-list__wrapper\">\n<div class=\"uagb-icon-list__content-wrap\">\n<div class=\"uagb-icon-list__label-wrap\"><span class=\"uagb-icon-list__label\"><strong>Jeudi<\/strong> : 9h &#8211; 12h et 14h &#8211; 17h30 <\/span><\/div>\n<\/div>\n<\/div>\n<div class=\"uagb-icon-list-repeater-4 uagb-icon-list__wrapper\">\n<div class=\"uagb-icon-list__content-wrap\">\n<div class=\"uagb-icon-list__label-wrap\"><span class=\"uagb-icon-list__label\"><strong>Vendredi<\/strong> : 9h &#8211; 12h\u00a0<\/span><\/div>\n<\/div>\n<\/div>\n<\/div>\n<\/div>\n\n\n<p> La mairie est joignable aux horaires d&rsquo;ouverture au <a href=\"tel:0479870029\">04.79.87.00.29<\/a>. Vous pouvez \u00e9galement nous contacter en utilisant le formulaire de contact ci dessous. <\/p>\n\n\n\n<p><\/p>\n\n\n\n<h2 class=\"wp-block-heading\">La mairie d\u00e9l\u00e9gu\u00e9e de B\u00e9on est ouverte :<\/h2>\n\n\n\n<p><\/p>\n\n\n\n<p>Lundi : 9h 12h et 14h 18h<\/p>\n\n\n\n<p>Jeudi : 9h 12h et 14h 18h <\/p>\n\n\n\n<p>La mairie est joignable aux horaires d&rsquo;ouverture au <a href=\"tel:0479870029\">04.79.87.04 33<\/a>. Vous pouvez \u00e9galement nous contacter en utilisant le formulaire de contact ci dessous.<\/p>\n\n\n\n<div class=\"wp-block-advgb-button aligncenter\"><a class=\"wp-block-advgb-button_link advgbbtn-f03259b2-a2ff-4aaf-ad3e-474d7da93d49\" href=\"http:\/\/culoz-beon.fr\/dvlpt\/index.php\/contact\/\" target=\"_self\" rel=\"noopener noreferrer\">Nous contacter<\/a><\/div>\n\n\n\n<p><\/p>\n\n\n\n<p><\/p>\n\n\n\n<p><\/p>\n<style class=\"advgb-styles-renderer\">.advgbbtn-f03259b2-a2ff-4aaf-ad3e-474d7da93d49{font-size:18px;color:#336799 !important;background-color:#ffffff !important;margin:0px 0px 0px 0px !important;padding:10px 30px 10px 30px;border-width:1px !important;border-color:#336799 !important;border-style:solid !important;border-radius:15px !important;}.advgbbtn-f03259b2-a2ff-4aaf-ad3e-474d7da93d49:hover{color:#ffffff !important;background-color:#336799 !important;box-shadow:1px 1px 12px 0px #ccc;opacity:1;transition:all 0.2s ease;}.advgbbtn-f03259b2-a2ff-4aaf-ad3e-474d7da93d49 > i {display: none !important;}<\/style>","protected":false},"excerpt":{"rendered":"<p>La mairie d\u00e9l\u00e9gu\u00e9e de Culoz est ouverte : La mairie est joignable aux horaires d&rsquo;ouverture au 04.79.87.00.29. Vous pouvez \u00e9galement nous contacter en utilisant le formulaire de contact ci dessous. La mairie d\u00e9l\u00e9gu\u00e9e de B\u00e9on est ouverte : Lundi : 9h 12h et 14h 18h Jeudi : 9h 12h et 14h 18h La mairie est [&hellip;]<\/p>\n","protected":false},"author":1,"featured_media":0,"parent":0,"menu_order":4,"comment_status":"closed","ping_status":"closed","template":"","meta":{"advgb_blocks_editor_width":"","advgb_blocks_columns_visual_guide":"","footnotes":""},"coauthors":[],"author_meta":{"author_link":"https:\/\/culoz-beon.fr\/?author=1","display_name":"culozfreyoculoz"},"relative_dates":{"created":"Publi\u00e9 7 ans il y a","modified":"Mis \u00e0 jour 3 ans il y a"},"absolute_dates":{"created":"Publi\u00e9 le 20 juin 2019","modified":"Mise \u00e0 jour le 17 janvier 2023"},"absolute_dates_time":{"created":"Publi\u00e9 le 20 juin 2019 11 h 58 min","modified":"Mise \u00e0 jour le 17 janvier 2023 17 h 12 min"},"featured_img_caption":"","featured_img":false,"series_order":"","_links":{"self":[{"href":"https:\/\/culoz-beon.fr\/index.php?rest_route=\/wp\/v2\/pages\/782"}],"collection":[{"href":"https:\/\/culoz-beon.fr\/index.php?rest_route=\/wp\/v2\/pages"}],"about":[{"href":"https:\/\/culoz-beon.fr\/index.php?rest_route=\/wp\/v2\/types\/page"}],"author":[{"embeddable":true,"href":"https:\/\/culoz-beon.fr\/index.php?rest_route=\/wp\/v2\/users\/1"}],"replies":[{"embeddable":true,"href":"https:\/\/culoz-beon.fr\/index.php?rest_route=%2Fwp%2Fv2%2Fcomments&post=782"}],"version-history":[{"count":27,"href":"https:\/\/culoz-beon.fr\/index.php?rest_route=\/wp\/v2\/pages\/782\/revisions"}],"predecessor-version":[{"id":6197,"href":"https:\/\/culoz-beon.fr\/index.php?rest_route=\/wp\/v2\/pages\/782\/revisions\/6197"}],"wp:attachment":[{"href":"https:\/\/culoz-beon.fr\/index.php?rest_route=%2Fwp%2Fv2%2Fmedia&parent=782"}],"curies":[{"name":"wp","href":"https:\/\/api.w.org\/{rel}","templated":true}]}}