{"id":5620,"date":"2022-07-07T16:29:42","date_gmt":"2022-07-07T14:29:42","guid":{"rendered":"https:\/\/culoz.fr\/?page_id=5620"},"modified":"2024-03-25T16:15:56","modified_gmt":"2024-03-25T15:15:56","slug":"cni-passeport","status":"publish","type":"page","link":"https:\/\/culoz-beon.fr\/?page_id=5620","title":{"rendered":"CNI\/Passeport"},"content":{"rendered":"\n<p><\/p>\n\n\n\n<p>Une pi\u00e8ce d\u2019identit\u00e9, comme son nom l\u2019indique est un document qui permet d\u2019identifier une personne \u00e0 travers des informations pr\u00e9cises la concernant (\u00e9tat civil). Une pi\u00e8ce d\u2019identit\u00e9 est n\u00e9cessaire lors d\u2019un concours ou d\u2019un test d\u2019admission, pour ouvrir un compte bancaire, chercher un travail, lors d\u2019un voyage \u2026<\/p>\n\n\n\n<p><\/p>\n\n\n\n<h2 class=\"wp-block-heading\" id=\"carte-nationale-didentite-b046516c-f2fc-430d-ac8a-47638145dd2c\">Carte nationale d\u2019identit\u00e9<\/h2>\n\n\n\n<p>La carte nationale d\u2019identit\u00e9 est un titre d\u2019identit\u00e9 qui permet \u00e0 tout citoyen de certifier de son identit\u00e9. Le demandeur doit \u00eatre de nationalit\u00e9 fran\u00e7aise.<\/p>\n\n\n\n<p>Une CNI permet de se rendre dans les pays de l\u2019Union Europ\u00e9enne, si elle est en cours de validit\u00e9. D\u00e9tails sur le site de France Diplomatie&nbsp;<a href=\"http:\/\/www.diplomatie.gouv.fr\/\">www.diplomatie.gouv.fr<\/a><\/p>\n\n\n\n<p>Une carte d\u2019identit\u00e9 est valide 10 ans pour les personnes majeures et mineures.<\/p>\n\n\n\n<p>Si votre pr\u00e9c\u00e9dente carte a \u00e9t\u00e9 d\u00e9livr\u00e9e entre 2004 et 2013 et que vous \u00e9tiez majeur lors de sa d\u00e9livrance, elle reste valide 5 ans apr\u00e8s la date d&rsquo;expiration qui est indiqu\u00e9e.<\/p>\n\n\n\n<p>Si vous devez voyager, il est conseill\u00e9 de v\u00e9rifier sur le site Conseils aux Voyageurs du minist\u00e8re des Affaires \u00e9trang\u00e8res (<a href=\"https:\/\/www.diplomatie.gouv.fr\/fr\/conseils-aux-voyageurs\/conseils-par-pays-destination\/\">https:\/\/www.diplomatie.gouv.fr\/fr\/conseils-aux-voyageurs\/conseils-par-pays-destination\/<\/a>) si le pays dans lequel vous envisagez de vous rendre accepte la carte nationale d&rsquo;identit\u00e9 de plus de 10 ans. En cas de refus ou de doute sur l&rsquo;acceptation de la carte d&rsquo;identit\u00e9 prorog\u00e9e, il est possible de demander le renouvellement anticip\u00e9 \u00e0 2 conditions cumulatives :<\/p>\n\n\n\n<ul>\n<li>ne pas poss\u00e9der de passeport<\/li>\n\n\n\n<li>produire un justificatif de voyage<\/li>\n<\/ul>\n\n\n\n<h2 class=\"wp-block-heading\" id=\"passeport-biometrique-d1b3b8be-1134-4e78-9997-867ae4afd619\">Passeport biom\u00e9trique<\/h2>\n\n\n\n<p>Le passeport est un document de voyage individuel qui permet \u00e0 son titulaire de justifier de son identit\u00e9. Les enfants doivent disposer d\u2019un passeport personnel, il n\u2019est pas possible d\u2019inscrire un enfant mineur sur le passeport de l\u2019un de ses parents. Le demandeur doit \u00eatre de nationalit\u00e9 fran\u00e7aise.<\/p>\n\n\n\n<p>Un passeport est valide 10 ans pour les personnes majeures et 5 ans pour les mineurs.&nbsp;<\/p>\n\n\n\n<p><\/p>\n\n\n\n<h2 class=\"wp-block-heading\" id=\"comment-faire-sa-demande--55bde181-8deb-48bb-9375-735c993b0a7b\">Comment faire sa demande ?<\/h2>\n\n\n\n<p>Pour effectuer une demande de carte d&rsquo;identit\u00e9 ou de passeport, il est n\u00e9cessaire de respecter les 4 \u00e9tapes suivantes :<\/p>\n\n\n\n<h3 class=\"wp-block-heading\" id=\"1-effectuer-une-predemande-en-ligne-a6f0e60d-a979-43a9-8c5b-95c42500f340\">1- Effectuer une pr\u00e9-demande en ligne<\/h3>\n\n\n\n<p>Sur le site :<a href=\"https:\/\/ants.gouv.fr\/\">&nbsp;https:\/\/ants.gouv.fr<\/a>.<br>\u00c0 d\u00e9faut, remplir un formulaire Cerfa (\u00e0 retirer \u00e0 l&rsquo;accueil de la mairie)<\/p>\n\n\n\n<h3 class=\"wp-block-heading\" id=\"2-constituer-votre-dossier-5912018e-35db-421e-8fe3-435d5e539563\">2- Constituer votre dossier<\/h3>\n\n\n\n<p>Pour demander une carte d&rsquo;identit\u00e9 ou un passeport, les pi\u00e8ces justificatives n\u00e9cessaires d\u00e9pendent de votre situation : majeur ou mineur, premi\u00e8re demande ou renouvellement&#8230;<\/p>\n\n\n\n<ul>\n<li>Les pi\u00e8ces justificatives n\u00e9cessaires&nbsp;pour la carte d&rsquo;identit\u00e9 : <\/li>\n<\/ul>\n\n\n\n<div class=\"wp-block-file bouton-bleu\"><a href=\"https:\/\/culoz-beon.fr\/wp-content\/uploads\/2023\/01\/Cartes-identite.pdf\" class=\"wp-block-file__button wp-element-button\" download>Cartes d&rsquo;identit\u00e9<\/a><\/div>\n\n\n\n<ul>\n<li>Les pi\u00e8ces justificatives n\u00e9cessaires&nbsp;pour le passeport :<\/li>\n<\/ul>\n\n\n\n<div class=\"wp-block-file bouton-bleu\"><a href=\"https:\/\/culoz-beon.fr\/wp-content\/uploads\/2023\/01\/Passeports.pdf\" class=\"wp-block-file__button wp-element-button\" download>Passeports<\/a><\/div>\n\n\n\n<p><strong><em>Tout dossier incomplet ou avec des photographies non conformes et\/ou de plus de 6 mois ne pourra pas \u00eatre enregistr\u00e9.<\/em><\/strong><\/p>\n\n\n\n<p>La commune de Culoz est raccord\u00e9e \u00e0 COMEDEC, dispositif qui permet l&rsquo;\u00e9change d\u00e9mat\u00e9rialis\u00e9 des donn\u00e9es d&rsquo;\u00e9tat civil entre les administrations. Si vous \u00eates n\u00e9(e) \u00e0 Culoz, vous n&rsquo;avez pas \u00e0 demander l&rsquo;extrait ou la copie de votre acte de naissance pour faire faire votre carte d&rsquo;identit\u00e9 ou votre passeport.<\/p>\n\n\n\n<h3 class=\"wp-block-heading\" id=\"3-prendre-rendezvous-en-ligne-c3160345-e577-4e22-92f8-d24f5fd71751\">3- Prendre rendez-vous en ligne<\/h3>\n\n\n\n<p><strong><em>Une demande de carte d&rsquo;identit\u00e9 ou de passeport biom\u00e9trique se fait uniquement sur rendez-vous.<\/em><\/strong><\/p>\n\n\n<div class=\"synbird-widget\" data-id-professional-company=\"1454\">\n                  <a href=\"https:\/\/app.synbird.com\/p\/1454\" style=\"text-align: center; display: block;\"><img decoding=\"async\" height=\"150\" src=\"https:\/\/images.synbird.com\/public\/logo_synbird_small.png\" style=\" margin-top: 20px\"><\/a>\n                <\/div>\n<p>                <script async=\"\" defer=\"\" type=\"text\/javascript\" src=\"https:\/\/ws.synbird.com\/widget.js\"><\/script><\/p>\n\n\n\n<h3 class=\"wp-block-heading\" id=\"4-se-presenter-au-rendezvous-avec--b87bc3a1-5e0a-4694-9df2-609c3ba5a393\">4- Se pr\u00e9senter au rendez-vous avec :<\/h3>\n\n\n\n<ul>\n<li>Le n\u00b0 de pr\u00e9-demande ou la pr\u00e9-demande imprim\u00e9e. \u00c0 d\u00e9faut, le formulaire Cerfa d\u00fbment rempli.<\/li>\n\n\n\n<li>Les originaux et les photocopies des pi\u00e8ces justificatives.<\/li>\n<\/ul>\n\n\n\n<h3 class=\"wp-block-heading\" id=\"5-venir-recuperer-son-passeport-etou-sa-carte-didentite-20e91357-6e3d-4bc9-92f3-abf8e8452e00\">5- Venir r\u00e9cup\u00e9rer son passeport et\/ou sa carte d&rsquo;identit\u00e9<\/h3>\n\n\n\n<ul>\n<li>Le retrait se fait&nbsp;<strong>SANS rendez-vous, entre deux rendez-vous, pendant les horaires d&rsquo;ouverture de la mairie (du lundi au vendredi de 9h \u00e0 12h, les mardi et jeudi de 14h \u00e0 17h<\/strong> ),  d\u00e8s r\u00e9ception du sms de l&rsquo;Ants vous indiquant la mise \u00e0 disposition de vos pi\u00e8ces.<\/li>\n\n\n\n<li>Pr\u00e9sence obligatoire du mineur au retrait du passeport et de la carte nationale d&rsquo;identit\u00e9 s&rsquo;il est \u00e2g\u00e9 de 12 ans et plus.<\/li>\n<\/ul>\n\n\n\n<h2 class=\"wp-block-heading\" id=\"ce-quil-faut-savoir-f13da2e3-b0d1-4336-9045-54eb4e2f5a87\">Ce qu\u2019il faut savoir<\/h2>\n\n\n\n<ul>\n<li><strong>L\u2019ancien titre devra \u00eatre rendu \u00e0 la remise du nouveau<\/strong>.<\/li>\n\n\n\n<li><strong>Le d\u00e9lai d\u2019obtention du passeport ne peut en aucun cas \u00eatre garanti.<\/strong>&nbsp;Le d\u00e9lai estimatif qui vous sera communiqu\u00e9 est susceptible d\u2019\u00e9voluer tr\u00e8s rapidement. Nous vous conseillons d\u2019anticiper votre demande et de n\u2019engager aucun frais (billets d\u2019avion, r\u00e9servations) tant que vous n\u2019avez pas re\u00e7u votre titre.<br>Pour conna\u00eetre les d\u00e9lais d&rsquo;obtention des titres d&rsquo;identit\u00e9,&nbsp;<a href=\"http:\/\/www.loire.gouv.fr\/spip.php?page=article&amp;id_article=4421\">consultez le site internet de la Pr\u00e9fecture de la Loire<\/a>, en charge des traitements des demandes pour la R\u00e9gion Auvergne-Rh\u00f4ne-Alpes<\/li>\n\n\n\n<li><strong>Les titres doivent \u00eatre retir\u00e9s dans un d\u00e9lai de 3 mois<\/strong>&nbsp;\u00e0 compter de leur r\u00e9ception en mairie. \u00c0 d\u00e9faut, ils seront d\u00e9truits.<\/li>\n\n\n\n<li><strong>Les services instructeurs de la Pr\u00e9fecture peuvent exiger \u00e0 la r\u00e9ception de votre dossier d\u2019autres \u00e9l\u00e9ments en fonction de votre situation.<\/strong><\/li>\n<\/ul>\n\n\n\n<p><\/p>\n","protected":false},"excerpt":{"rendered":"<p>Une pi\u00e8ce d\u2019identit\u00e9, comme son nom l\u2019indique est un document qui permet d\u2019identifier une personne \u00e0 travers des informations pr\u00e9cises la concernant (\u00e9tat civil). Une pi\u00e8ce d\u2019identit\u00e9 est n\u00e9cessaire lors d\u2019un concours ou d\u2019un test d\u2019admission, pour ouvrir un compte bancaire, chercher un travail, lors d\u2019un voyage \u2026 Carte nationale d\u2019identit\u00e9 La carte nationale d\u2019identit\u00e9 [&hellip;]<\/p>\n","protected":false},"author":3,"featured_media":0,"parent":0,"menu_order":0,"comment_status":"closed","ping_status":"closed","template":"","meta":{"advgb_blocks_editor_width":"","advgb_blocks_columns_visual_guide":"","footnotes":""},"coauthors":[],"author_meta":{"author_link":"https:\/\/culoz-beon.fr\/?author=3","display_name":"Sophie Rubin-Delanchy"},"relative_dates":{"created":"Publi\u00e9 4 ans il y a","modified":"Mis \u00e0 jour 2 ans il y a"},"absolute_dates":{"created":"Publi\u00e9 le 7 juillet 2022","modified":"Mise \u00e0 jour le 25 mars 2024"},"absolute_dates_time":{"created":"Publi\u00e9 le 7 juillet 2022 16 h 29 min","modified":"Mise \u00e0 jour le 25 mars 2024 16 h 15 min"},"featured_img_caption":"","featured_img":false,"series_order":"","_links":{"self":[{"href":"https:\/\/culoz-beon.fr\/index.php?rest_route=\/wp\/v2\/pages\/5620"}],"collection":[{"href":"https:\/\/culoz-beon.fr\/index.php?rest_route=\/wp\/v2\/pages"}],"about":[{"href":"https:\/\/culoz-beon.fr\/index.php?rest_route=\/wp\/v2\/types\/page"}],"author":[{"embeddable":true,"href":"https:\/\/culoz-beon.fr\/index.php?rest_route=\/wp\/v2\/users\/3"}],"replies":[{"embeddable":true,"href":"https:\/\/culoz-beon.fr\/index.php?rest_route=%2Fwp%2Fv2%2Fcomments&post=5620"}],"version-history":[{"count":19,"href":"https:\/\/culoz-beon.fr\/index.php?rest_route=\/wp\/v2\/pages\/5620\/revisions"}],"predecessor-version":[{"id":7901,"href":"https:\/\/culoz-beon.fr\/index.php?rest_route=\/wp\/v2\/pages\/5620\/revisions\/7901"}],"wp:attachment":[{"href":"https:\/\/culoz-beon.fr\/index.php?rest_route=%2Fwp%2Fv2%2Fmedia&parent=5620"}],"curies":[{"name":"wp","href":"https:\/\/api.w.org\/{rel}","templated":true}]}}