{"id":2873,"date":"2020-03-26T16:29:53","date_gmt":"2020-03-26T15:29:53","guid":{"rendered":"https:\/\/culoz.fr\/?page_id=2873"},"modified":"2023-01-27T09:53:42","modified_gmt":"2023-01-27T08:53:42","slug":"maison-du-velo","status":"publish","type":"page","link":"https:\/\/culoz-beon.fr\/?page_id=2873","title":{"rendered":"Informations touristiques"},"content":{"rendered":"\n<section class=\"wp-block-uagb-section uagb-section__wrap uagb-section__background-image alignfull uagb-block-ce7d0d1f\"><div class=\"uagb-section__overlay\"><\/div><div class=\"uagb-section__inner-wrap\">\n\n<h1 class=\"titre-page-bandeau wp-block-heading\">Informations touristiques<\/h1>\n\n<\/div><\/section>\n\n\n\n<p>Point d&rsquo;information d\u00e9di\u00e9 aux touristes \u00e0 Culoz-B\u00e9on la Maison du v\u00e9lo est situ\u00e9e \u00e0 proximit\u00e9 du centre ville, rue du stade.<\/p>\n\n\n\n<p>De juin \u00e0 septembre, rendez-vous \u00e0 la Maison du v\u00e9lo o\u00f9 vous trouverez des conseils touristiques personnalis\u00e9s vous permettant de d\u00e9couvrir tous les points d&rsquo;attraits de la commune et des environs : visite historique de Culoz, randonn\u00e9e et v\u00e9lo sur le Grand Colombier, baignade, navigation et kayak sur le Rh\u00f4ne ou le lac du Bourget, visite de la r\u00e9serve naturelle du marais de Lavours&#8230;<\/p>\n\n\n\n<p>La Maison du v\u00e9lo est \u00e9galement le lieu de d\u00e9part des mont\u00e9es cyclo du Grand Colombier, 4 samedis de juin \u00e0 septembre o\u00f9 la mont\u00e9e vers le Colombier est r\u00e9serv\u00e9e aux cyclistes.<\/p>\n\n\n\n<p>L&rsquo;office de tourisme Bugey Sud organise des visites du bourg ancien de Culoz et du ch\u00e2teau de Montv\u00e9ran sur la p\u00e9riode estivale. Les visites sont \u00e9galement possibles \u00e0 d&rsquo;autres p\u00e9riodes, sur demande, pour les groupes.<\/p>\n\n\n\n<p>Retrouvez les autres manifestations sur le territoire de Bugey Sud sur l&rsquo;agenda de l&rsquo;office de tourisme :  <\/p>\n\n\n\n<p><a rel=\"noreferrer noopener\" aria-label=\" (s\u2019ouvre dans un nouvel onglet)\" href=\"http:\/\/bugeysud-tourisme.fr\/fr\/agenda\/\" target=\"_blank\">http:\/\/bugeysud-tourisme.fr\/fr\/agenda\/<\/a> <\/p>\n\n\n\n<h2 class=\"wp-block-heading\">Contact<\/h2>\n\n\n\n<p><strong>Belley Bugey Sud Tourisme :<\/strong><br>34 Grande Rue &#8211; 01300 BELLEY<br>04 79 81 29 06 \/&nbsp;<a href=\"&#x6d;&#97;i&#x6c;&#116;&#111;&#x3a;&#x63;&#111;n&#x74;&#97;c&#x74;&#x40;&#98;u&#x67;&#101;y&#x73;&#x75;&#100;-&#x74;&#111;u&#x72;&#x69;&#115;m&#x65;&#46;f&#x72;\">c&#111;&#110;&#x74;&#x61;&#x63;&#x74;&#64;&#98;&#117;&#103;&#x65;&#x79;&#x73;ud&#45;&#116;&#x6f;&#x75;&#x72;is&#109;&#101;&#x2e;&#x66;&#x72;<\/a><br><a rel=\"noreferrer noopener\" href=\"http:\/\/www.bugeysud-tourisme.fr\/\" target=\"_blank\">www.bugeysud-tourisme.fr<\/a>&nbsp;<\/p>\n","protected":false},"excerpt":{"rendered":"<p>Point d&rsquo;information d\u00e9di\u00e9 aux touristes \u00e0 Culoz-B\u00e9on la Maison du v\u00e9lo est situ\u00e9e \u00e0 proximit\u00e9 du centre ville, rue du stade. De juin \u00e0 septembre, rendez-vous \u00e0 la Maison du v\u00e9lo o\u00f9 vous trouverez des conseils touristiques personnalis\u00e9s vous permettant de d\u00e9couvrir tous les points d&rsquo;attraits de la commune et des environs : visite historique [&hellip;]<\/p>\n","protected":false},"author":1,"featured_media":0,"parent":0,"menu_order":0,"comment_status":"closed","ping_status":"closed","template":"","meta":{"advgb_blocks_editor_width":"","advgb_blocks_columns_visual_guide":"","footnotes":""},"coauthors":[],"author_meta":{"author_link":"https:\/\/culoz-beon.fr\/?author=1","display_name":"culozfreyoculoz"},"relative_dates":{"created":"Publi\u00e9 6 ans il y a","modified":"Mis \u00e0 jour 3 ans il y a"},"absolute_dates":{"created":"Publi\u00e9 le 26 mars 2020","modified":"Mise \u00e0 jour le 27 janvier 2023"},"absolute_dates_time":{"created":"Publi\u00e9 le 26 mars 2020 16 h 29 min","modified":"Mise \u00e0 jour le 27 janvier 2023 9 h 53 min"},"featured_img_caption":"","featured_img":false,"series_order":"","_links":{"self":[{"href":"https:\/\/culoz-beon.fr\/index.php?rest_route=\/wp\/v2\/pages\/2873"}],"collection":[{"href":"https:\/\/culoz-beon.fr\/index.php?rest_route=\/wp\/v2\/pages"}],"about":[{"href":"https:\/\/culoz-beon.fr\/index.php?rest_route=\/wp\/v2\/types\/page"}],"author":[{"embeddable":true,"href":"https:\/\/culoz-beon.fr\/index.php?rest_route=\/wp\/v2\/users\/1"}],"replies":[{"embeddable":true,"href":"https:\/\/culoz-beon.fr\/index.php?rest_route=%2Fwp%2Fv2%2Fcomments&post=2873"}],"version-history":[{"count":22,"href":"https:\/\/culoz-beon.fr\/index.php?rest_route=\/wp\/v2\/pages\/2873\/revisions"}],"predecessor-version":[{"id":6415,"href":"https:\/\/culoz-beon.fr\/index.php?rest_route=\/wp\/v2\/pages\/2873\/revisions\/6415"}],"wp:attachment":[{"href":"https:\/\/culoz-beon.fr\/index.php?rest_route=%2Fwp%2Fv2%2Fmedia&parent=2873"}],"curies":[{"name":"wp","href":"https:\/\/api.w.org\/{rel}","templated":true}]}}