{"id":2837,"date":"2020-03-25T12:24:18","date_gmt":"2020-03-25T11:24:18","guid":{"rendered":"https:\/\/culoz.fr\/?page_id=2837"},"modified":"2024-04-18T15:38:27","modified_gmt":"2024-04-18T13:38:27","slug":"transport-et-deplacement-doux","status":"publish","type":"page","link":"https:\/\/culoz-beon.fr\/?page_id=2837","title":{"rendered":"Transport et d\u00e9placement doux"},"content":{"rendered":"\n<section class=\"wp-block-uagb-section uagb-section__wrap uagb-section__background-image alignfull uagb-block-bca7dc20\"><div class=\"uagb-section__overlay\"><\/div><div class=\"uagb-section__inner-wrap\">\n\n<h1 class=\"titre-page-bandeau wp-block-heading\">Transport et d\u00e9placements doux<\/h1>\n\n<\/div><\/section>\n\n\n\n<p><\/p>\n\n\n\n<p>La commune de Culoz-B\u00e9on m\u00e8ne une politique volontaire depuis plusieurs ann\u00e9es afin de d\u00e9ployer les transports alternatifs et notamment les modes de circulation douce.<\/p>\n\n\n\n<p>Le 1<sup>er<\/sup> volet de ce d\u00e9ploiement s\u2019ach\u00e8ve avec l\u2019installation d\u2019une borne de recharge \u00e9lectrique pour les v\u00e9los ainsi qu\u2019un poste de gonflage gratuit situ\u00e9 sur la place de mairie de Culoz.<\/p>\n\n\n\n<p>De nouvelles voies cyclables sont am\u00e9nag\u00e9es r\u00e9guli\u00e8rement ainsi que des am\u00e9nagements de s\u00e9curit\u00e9.<\/p>\n\n\n\n<p>Chaque ann\u00e9e, de nouveaux sentiers p\u00e9destres sont remis en \u00e9tats pour le plus grand plaisir des promeneurs<\/p>\n\n\n\n<p>Une r\u00e9flexion plus large est en cours afin de relier le bourg de B\u00e9on \u00e0 celui de Culoz mais \u00e9galement le hameau de Ch\u00e2tel \u00e0 Culoz.<\/p>\n\n\n\n<p>La commune est \u00e9galement tr\u00e8s active en participant aux ateliers et \u00e0 la commission mobilit\u00e9 organis\u00e9s par la communaut\u00e9 de communes Bugey Sud.<\/p>\n\n\n\n<p>A ce titre une piste cyclable devrait \u00eatre voir le jour entre le lac de Massignieu et Culoz le long du Rh\u00f4ne<\/p>\n\n\n\n<p><\/p>\n\n\n\n<h2 class=\"wp-block-heading\">Mobilit\u00e9 sur le territoire de Bugey Sud<\/h2>\n\n\n\n<p>Retrouvez l&rsquo;ensemble des moyens de d\u00e9placement alternatifs \u00e0 la voiture individuelle sur le site de la Communaut\u00e9 de Communes : <a rel=\"noreferrer noopener\" aria-label=\" (s\u2019ouvre dans un nouvel onglet)\" href=\"https:\/\/www.ccbugeysud.com\/fr\/quotidien\/deplacements\/deplacements.htm\" target=\"_blank\">https:\/\/www.ccbugeysud.com\/fr\/quotidien\/deplacements\/deplacements.htm<\/a><\/p>\n","protected":false},"excerpt":{"rendered":"<p>La commune de Culoz-B\u00e9on m\u00e8ne une politique volontaire depuis plusieurs ann\u00e9es afin de d\u00e9ployer les transports alternatifs et notamment les modes de circulation douce. Le 1er volet de ce d\u00e9ploiement s\u2019ach\u00e8ve avec l\u2019installation d\u2019une borne de recharge \u00e9lectrique pour les v\u00e9los ainsi qu\u2019un poste de gonflage gratuit situ\u00e9 sur la place de mairie de Culoz. [&hellip;]<\/p>\n","protected":false},"author":1,"featured_media":0,"parent":0,"menu_order":0,"comment_status":"closed","ping_status":"closed","template":"","meta":{"advgb_blocks_editor_width":"","advgb_blocks_columns_visual_guide":"","footnotes":""},"coauthors":[],"author_meta":{"author_link":"https:\/\/culoz-beon.fr\/?author=1","display_name":"culozfreyoculoz"},"relative_dates":{"created":"Publi\u00e9 6 ans il y a","modified":"Mis \u00e0 jour 2 ans il y a"},"absolute_dates":{"created":"Publi\u00e9 le 25 mars 2020","modified":"Mise \u00e0 jour le 18 avril 2024"},"absolute_dates_time":{"created":"Publi\u00e9 le 25 mars 2020 12 h 24 min","modified":"Mise \u00e0 jour le 18 avril 2024 15 h 38 min"},"featured_img_caption":"","featured_img":false,"series_order":"","_links":{"self":[{"href":"https:\/\/culoz-beon.fr\/index.php?rest_route=\/wp\/v2\/pages\/2837"}],"collection":[{"href":"https:\/\/culoz-beon.fr\/index.php?rest_route=\/wp\/v2\/pages"}],"about":[{"href":"https:\/\/culoz-beon.fr\/index.php?rest_route=\/wp\/v2\/types\/page"}],"author":[{"embeddable":true,"href":"https:\/\/culoz-beon.fr\/index.php?rest_route=\/wp\/v2\/users\/1"}],"replies":[{"embeddable":true,"href":"https:\/\/culoz-beon.fr\/index.php?rest_route=%2Fwp%2Fv2%2Fcomments&post=2837"}],"version-history":[{"count":16,"href":"https:\/\/culoz-beon.fr\/index.php?rest_route=\/wp\/v2\/pages\/2837\/revisions"}],"predecessor-version":[{"id":8077,"href":"https:\/\/culoz-beon.fr\/index.php?rest_route=\/wp\/v2\/pages\/2837\/revisions\/8077"}],"wp:attachment":[{"href":"https:\/\/culoz-beon.fr\/index.php?rest_route=%2Fwp%2Fv2%2Fmedia&parent=2837"}],"curies":[{"name":"wp","href":"https:\/\/api.w.org\/{rel}","templated":true}]}}