{"id":1427,"date":"2019-10-15T13:39:15","date_gmt":"2019-10-15T11:39:15","guid":{"rendered":"http:\/\/culoz.fr\/dvlpt\/?page_id=1427"},"modified":"2024-03-07T14:20:34","modified_gmt":"2024-03-07T13:20:34","slug":"actualites","status":"publish","type":"page","link":"https:\/\/culoz-beon.fr\/?page_id=1427","title":{"rendered":"Actualit\u00e9s"},"content":{"rendered":"<ul class=\"wp-block-latest-posts__list is-grid columns-4 wp-block-latest-posts\"><li><div class=\"wp-block-latest-posts__featured-image\"><img loading=\"lazy\" decoding=\"async\" width=\"650\" height=\"919\" src=\"https:\/\/culoz-beon.fr\/wp-content\/uploads\/2026\/04\/La-Mairie-sera-fermee-le.jpg\" class=\"attachment-large size-large wp-post-image\" alt=\"\" style=\"\" srcset=\"https:\/\/culoz-beon.fr\/wp-content\/uploads\/2026\/04\/La-Mairie-sera-fermee-le.jpg 650w, https:\/\/culoz-beon.fr\/wp-content\/uploads\/2026\/04\/La-Mairie-sera-fermee-le-212x300.jpg 212w, https:\/\/culoz-beon.fr\/wp-content\/uploads\/2026\/04\/La-Mairie-sera-fermee-le-17x24.jpg 17w, https:\/\/culoz-beon.fr\/wp-content\/uploads\/2026\/04\/La-Mairie-sera-fermee-le-25x36.jpg 25w, https:\/\/culoz-beon.fr\/wp-content\/uploads\/2026\/04\/La-Mairie-sera-fermee-le-34x48.jpg 34w\" sizes=\"(max-width: 650px) 100vw, 650px\" \/><\/div><a class=\"wp-block-latest-posts__post-title\" href=\"https:\/\/culoz-beon.fr\/?p=10073\">Fermeture de la mairie le vendredi 15 mai<\/a><\/li>\n<li><div class=\"wp-block-latest-posts__featured-image\"><img loading=\"lazy\" decoding=\"async\" width=\"650\" height=\"919\" src=\"https:\/\/culoz-beon.fr\/wp-content\/uploads\/2026\/04\/affiche-mai2026.png\" class=\"attachment-large size-large wp-post-image\" alt=\"\" style=\"\" srcset=\"https:\/\/culoz-beon.fr\/wp-content\/uploads\/2026\/04\/affiche-mai2026.png 650w, https:\/\/culoz-beon.fr\/wp-content\/uploads\/2026\/04\/affiche-mai2026-212x300.png 212w, https:\/\/culoz-beon.fr\/wp-content\/uploads\/2026\/04\/affiche-mai2026-17x24.png 17w, https:\/\/culoz-beon.fr\/wp-content\/uploads\/2026\/04\/affiche-mai2026-25x36.png 25w, https:\/\/culoz-beon.fr\/wp-content\/uploads\/2026\/04\/affiche-mai2026-34x48.png 34w\" sizes=\"(max-width: 650px) 100vw, 650px\" \/><\/div><a class=\"wp-block-latest-posts__post-title\" href=\"https:\/\/culoz-beon.fr\/?p=10064\">\u00a0Agenda des Ev\u00e8nements de Culoz-B\u00e9on &#8211; Mai 2026<\/a><\/li>\n<li><div class=\"wp-block-latest-posts__featured-image\"><img loading=\"lazy\" decoding=\"async\" width=\"650\" height=\"919\" src=\"https:\/\/culoz-beon.fr\/wp-content\/uploads\/2026\/04\/AFFICHES-PERMANENCES.png\" class=\"attachment-large size-large wp-post-image\" alt=\"\" style=\"\" srcset=\"https:\/\/culoz-beon.fr\/wp-content\/uploads\/2026\/04\/AFFICHES-PERMANENCES.png 650w, https:\/\/culoz-beon.fr\/wp-content\/uploads\/2026\/04\/AFFICHES-PERMANENCES-212x300.png 212w, https:\/\/culoz-beon.fr\/wp-content\/uploads\/2026\/04\/AFFICHES-PERMANENCES-17x24.png 17w, https:\/\/culoz-beon.fr\/wp-content\/uploads\/2026\/04\/AFFICHES-PERMANENCES-25x36.png 25w, https:\/\/culoz-beon.fr\/wp-content\/uploads\/2026\/04\/AFFICHES-PERMANENCES-34x48.png 34w\" sizes=\"(max-width: 650px) 100vw, 650px\" \/><\/div><a class=\"wp-block-latest-posts__post-title\" href=\"https:\/\/culoz-beon.fr\/?p=10061\">Permanences de conseil architectural 2026<\/a><\/li>\n<li><div class=\"wp-block-latest-posts__featured-image\"><img loading=\"lazy\" decoding=\"async\" width=\"800\" height=\"571\" src=\"https:\/\/culoz-beon.fr\/wp-content\/uploads\/2026\/04\/Invitation-8-mai.jpg\" class=\"attachment-large size-large wp-post-image\" alt=\"\" style=\"\" srcset=\"https:\/\/culoz-beon.fr\/wp-content\/uploads\/2026\/04\/Invitation-8-mai.jpg 800w, https:\/\/culoz-beon.fr\/wp-content\/uploads\/2026\/04\/Invitation-8-mai-300x214.jpg 300w, https:\/\/culoz-beon.fr\/wp-content\/uploads\/2026\/04\/Invitation-8-mai-768x548.jpg 768w, https:\/\/culoz-beon.fr\/wp-content\/uploads\/2026\/04\/Invitation-8-mai-24x17.jpg 24w, https:\/\/culoz-beon.fr\/wp-content\/uploads\/2026\/04\/Invitation-8-mai-36x26.jpg 36w, https:\/\/culoz-beon.fr\/wp-content\/uploads\/2026\/04\/Invitation-8-mai-48x34.jpg 48w\" sizes=\"(max-width: 800px) 100vw, 800px\" \/><\/div><a class=\"wp-block-latest-posts__post-title\" href=\"https:\/\/culoz-beon.fr\/?p=10052\">C\u00e9r\u00e9monie du 8 mai<\/a><\/li>\n<li><div class=\"wp-block-latest-posts__featured-image\"><img loading=\"lazy\" decoding=\"async\" width=\"650\" height=\"919\" src=\"https:\/\/culoz-beon.fr\/wp-content\/uploads\/2026\/04\/Com-CulozBeon-6.jpeg\" class=\"attachment-large size-large wp-post-image\" alt=\"\" style=\"\" srcset=\"https:\/\/culoz-beon.fr\/wp-content\/uploads\/2026\/04\/Com-CulozBeon-6.jpeg 650w, https:\/\/culoz-beon.fr\/wp-content\/uploads\/2026\/04\/Com-CulozBeon-6-212x300.jpeg 212w, https:\/\/culoz-beon.fr\/wp-content\/uploads\/2026\/04\/Com-CulozBeon-6-17x24.jpeg 17w, https:\/\/culoz-beon.fr\/wp-content\/uploads\/2026\/04\/Com-CulozBeon-6-25x36.jpeg 25w, https:\/\/culoz-beon.fr\/wp-content\/uploads\/2026\/04\/Com-CulozBeon-6-34x48.jpeg 34w\" sizes=\"(max-width: 650px) 100vw, 650px\" \/><\/div><a class=\"wp-block-latest-posts__post-title\" href=\"https:\/\/culoz-beon.fr\/?p=10044\">Championnat de l&rsquo;Ain de P\u00e9tanque<\/a><\/li>\n<li><a class=\"wp-block-latest-posts__post-title\" href=\"https:\/\/culoz-beon.fr\/?p=10040\">Renouvellement des membres du CCAS \u2013 Appel \u00e0 candidature<\/a><\/li>\n<li><div class=\"wp-block-latest-posts__featured-image\"><img loading=\"lazy\" decoding=\"async\" width=\"650\" height=\"919\" src=\"https:\/\/culoz-beon.fr\/wp-content\/uploads\/2026\/04\/Com-CulozBeon-7.jpeg\" class=\"attachment-large size-large wp-post-image\" alt=\"\" style=\"\" srcset=\"https:\/\/culoz-beon.fr\/wp-content\/uploads\/2026\/04\/Com-CulozBeon-7.jpeg 650w, https:\/\/culoz-beon.fr\/wp-content\/uploads\/2026\/04\/Com-CulozBeon-7-212x300.jpeg 212w, https:\/\/culoz-beon.fr\/wp-content\/uploads\/2026\/04\/Com-CulozBeon-7-17x24.jpeg 17w, https:\/\/culoz-beon.fr\/wp-content\/uploads\/2026\/04\/Com-CulozBeon-7-25x36.jpeg 25w, https:\/\/culoz-beon.fr\/wp-content\/uploads\/2026\/04\/Com-CulozBeon-7-34x48.jpeg 34w\" sizes=\"(max-width: 650px) 100vw, 650px\" \/><\/div><a class=\"wp-block-latest-posts__post-title\" href=\"https:\/\/culoz-beon.fr\/?p=10037\">\ud83d\udea8 \u00c0 VOS AGENDAS \ud83d\udea8<\/a><\/li>\n<li><div class=\"wp-block-latest-posts__featured-image\"><img loading=\"lazy\" decoding=\"async\" width=\"650\" height=\"919\" src=\"https:\/\/culoz-beon.fr\/wp-content\/uploads\/2026\/04\/scan05904020260408075913.jpg\" class=\"attachment-large size-large wp-post-image\" alt=\"\" style=\"\" srcset=\"https:\/\/culoz-beon.fr\/wp-content\/uploads\/2026\/04\/scan05904020260408075913.jpg 650w, https:\/\/culoz-beon.fr\/wp-content\/uploads\/2026\/04\/scan05904020260408075913-212x300.jpg 212w, https:\/\/culoz-beon.fr\/wp-content\/uploads\/2026\/04\/scan05904020260408075913-17x24.jpg 17w, https:\/\/culoz-beon.fr\/wp-content\/uploads\/2026\/04\/scan05904020260408075913-25x36.jpg 25w, https:\/\/culoz-beon.fr\/wp-content\/uploads\/2026\/04\/scan05904020260408075913-34x48.jpg 34w\" sizes=\"(max-width: 650px) 100vw, 650px\" \/><\/div><a class=\"wp-block-latest-posts__post-title\" href=\"https:\/\/culoz-beon.fr\/?p=10031\">Caf\u00e9 tricot salle des associations de B\u00e9on<\/a><\/li>\n<li><div class=\"wp-block-latest-posts__featured-image\"><img loading=\"lazy\" decoding=\"async\" width=\"650\" height=\"919\" src=\"https:\/\/culoz-beon.fr\/wp-content\/uploads\/2026\/03\/Phases-finales.png\" class=\"attachment-large size-large wp-post-image\" alt=\"\" style=\"\" srcset=\"https:\/\/culoz-beon.fr\/wp-content\/uploads\/2026\/03\/Phases-finales.png 650w, https:\/\/culoz-beon.fr\/wp-content\/uploads\/2026\/03\/Phases-finales-212x300.png 212w, https:\/\/culoz-beon.fr\/wp-content\/uploads\/2026\/03\/Phases-finales-17x24.png 17w, https:\/\/culoz-beon.fr\/wp-content\/uploads\/2026\/03\/Phases-finales-25x36.png 25w, https:\/\/culoz-beon.fr\/wp-content\/uploads\/2026\/03\/Phases-finales-34x48.png 34w\" sizes=\"(max-width: 650px) 100vw, 650px\" \/><\/div><a class=\"wp-block-latest-posts__post-title\" href=\"https:\/\/culoz-beon.fr\/?p=9967\">Finales championnat de France Basket<\/a><\/li>\n<li><a class=\"wp-block-latest-posts__post-title\" href=\"https:\/\/culoz-beon.fr\/?p=9864\">Permanences Dynacit\u00e9 bureau des permanences mairie de Culoz<\/a><\/li>\n<li><a class=\"wp-block-latest-posts__post-title\" href=\"https:\/\/culoz-beon.fr\/?p=9454\">Dossier d&rsquo;information concernant l&rsquo;implantation d&rsquo;une nouvelle installation radio\u00e9lectrique 7 rue des Roseli\u00e8res &#8211; Lieu dit \u00ab\u00a0les Fours\u00a0\u00bb 01350 CULOZ-BEON<\/a><\/li>\n<li><div class=\"wp-block-latest-posts__featured-image\"><img loading=\"lazy\" decoding=\"async\" width=\"650\" height=\"460\" src=\"https:\/\/culoz-beon.fr\/wp-content\/uploads\/2026\/01\/RARALRVTRS-Pass-Senior.jpg\" class=\"attachment-large size-large wp-post-image\" alt=\"\" style=\"\" srcset=\"https:\/\/culoz-beon.fr\/wp-content\/uploads\/2026\/01\/RARALRVTRS-Pass-Senior.jpg 650w, https:\/\/culoz-beon.fr\/wp-content\/uploads\/2026\/01\/RARALRVTRS-Pass-Senior-300x212.jpg 300w, https:\/\/culoz-beon.fr\/wp-content\/uploads\/2026\/01\/RARALRVTRS-Pass-Senior-24x17.jpg 24w, https:\/\/culoz-beon.fr\/wp-content\/uploads\/2026\/01\/RARALRVTRS-Pass-Senior-36x25.jpg 36w, https:\/\/culoz-beon.fr\/wp-content\/uploads\/2026\/01\/RARALRVTRS-Pass-Senior-48x34.jpg 48w\" sizes=\"(max-width: 650px) 100vw, 650px\" \/><\/div><a class=\"wp-block-latest-posts__post-title\" href=\"https:\/\/culoz-beon.fr\/?p=9420\">Pass s\u00e9nior et cars R\u00e9gion<\/a><\/li>\n<li><div class=\"wp-block-latest-posts__featured-image\"><img loading=\"lazy\" decoding=\"async\" width=\"650\" height=\"870\" src=\"https:\/\/culoz-beon.fr\/wp-content\/uploads\/2025\/03\/scan03388820250304073350_001.jpg\" class=\"attachment-large size-large wp-post-image\" alt=\"\" style=\"\" srcset=\"https:\/\/culoz-beon.fr\/wp-content\/uploads\/2025\/03\/scan03388820250304073350_001.jpg 650w, https:\/\/culoz-beon.fr\/wp-content\/uploads\/2025\/03\/scan03388820250304073350_001-224x300.jpg 224w, https:\/\/culoz-beon.fr\/wp-content\/uploads\/2025\/03\/scan03388820250304073350_001-18x24.jpg 18w, https:\/\/culoz-beon.fr\/wp-content\/uploads\/2025\/03\/scan03388820250304073350_001-27x36.jpg 27w, https:\/\/culoz-beon.fr\/wp-content\/uploads\/2025\/03\/scan03388820250304073350_001-36x48.jpg 36w\" sizes=\"(max-width: 650px) 100vw, 650px\" \/><\/div><a class=\"wp-block-latest-posts__post-title\" href=\"https:\/\/culoz-beon.fr\/?p=8697\">Bient\u00f4t 16 ans ? Pensez au recensement !<\/a><\/li>\n<li><div class=\"wp-block-latest-posts__featured-image\"><img loading=\"lazy\" decoding=\"async\" width=\"650\" height=\"812\" src=\"https:\/\/culoz-beon.fr\/wp-content\/uploads\/2024\/09\/v2-affiche-horaires-dechet.jpg\" class=\"attachment-large size-large wp-post-image\" alt=\"\" style=\"\" srcset=\"https:\/\/culoz-beon.fr\/wp-content\/uploads\/2024\/09\/v2-affiche-horaires-dechet.jpg 650w, https:\/\/culoz-beon.fr\/wp-content\/uploads\/2024\/09\/v2-affiche-horaires-dechet-240x300.jpg 240w, https:\/\/culoz-beon.fr\/wp-content\/uploads\/2024\/09\/v2-affiche-horaires-dechet-19x24.jpg 19w, https:\/\/culoz-beon.fr\/wp-content\/uploads\/2024\/09\/v2-affiche-horaires-dechet-29x36.jpg 29w, https:\/\/culoz-beon.fr\/wp-content\/uploads\/2024\/09\/v2-affiche-horaires-dechet-38x48.jpg 38w\" sizes=\"(max-width: 650px) 100vw, 650px\" \/><\/div><a class=\"wp-block-latest-posts__post-title\" href=\"https:\/\/culoz-beon.fr\/?p=8358\">D\u00e9chetteries de Bugey-Sud : fin des horaires d&rsquo;\u00e9t\u00e9<\/a><\/li>\n<li><div class=\"wp-block-latest-posts__featured-image\"><img loading=\"lazy\" decoding=\"async\" width=\"650\" height=\"919\" src=\"https:\/\/culoz-beon.fr\/wp-content\/uploads\/2024\/04\/Nids-Primaires-Frelons-Asiatiques.jpg\" class=\"attachment-large size-large wp-post-image\" alt=\"\" style=\"\" srcset=\"https:\/\/culoz-beon.fr\/wp-content\/uploads\/2024\/04\/Nids-Primaires-Frelons-Asiatiques.jpg 650w, https:\/\/culoz-beon.fr\/wp-content\/uploads\/2024\/04\/Nids-Primaires-Frelons-Asiatiques-212x300.jpg 212w, https:\/\/culoz-beon.fr\/wp-content\/uploads\/2024\/04\/Nids-Primaires-Frelons-Asiatiques-17x24.jpg 17w, https:\/\/culoz-beon.fr\/wp-content\/uploads\/2024\/04\/Nids-Primaires-Frelons-Asiatiques-25x36.jpg 25w, https:\/\/culoz-beon.fr\/wp-content\/uploads\/2024\/04\/Nids-Primaires-Frelons-Asiatiques-34x48.jpg 34w\" sizes=\"(max-width: 650px) 100vw, 650px\" \/><\/div><a class=\"wp-block-latest-posts__post-title\" href=\"https:\/\/culoz-beon.fr\/?p=8089\">Nids de frelons asiatiques<\/a><\/li>\n<li><div class=\"wp-block-latest-posts__featured-image\"><img loading=\"lazy\" decoding=\"async\" width=\"550\" height=\"777\" src=\"https:\/\/culoz-beon.fr\/wp-content\/uploads\/2022\/03\/Affiche-dejections-canines.jpg\" class=\"attachment-large size-large wp-post-image\" alt=\"\" style=\"\" srcset=\"https:\/\/culoz-beon.fr\/wp-content\/uploads\/2022\/03\/Affiche-dejections-canines.jpg 550w, https:\/\/culoz-beon.fr\/wp-content\/uploads\/2022\/03\/Affiche-dejections-canines-212x300.jpg 212w, https:\/\/culoz-beon.fr\/wp-content\/uploads\/2022\/03\/Affiche-dejections-canines-17x24.jpg 17w, https:\/\/culoz-beon.fr\/wp-content\/uploads\/2022\/03\/Affiche-dejections-canines-25x36.jpg 25w, https:\/\/culoz-beon.fr\/wp-content\/uploads\/2022\/03\/Affiche-dejections-canines-34x48.jpg 34w\" sizes=\"(max-width: 550px) 100vw, 550px\" \/><\/div><a class=\"wp-block-latest-posts__post-title\" href=\"https:\/\/culoz-beon.fr\/?p=5345\">D\u00e9jections canines dans les espaces verts, \u00e7a suffit !<\/a><\/li>\n<\/ul>","protected":false},"excerpt":{"rendered":"","protected":false},"author":1,"featured_media":0,"parent":0,"menu_order":0,"comment_status":"closed","ping_status":"closed","template":"","meta":{"advgb_blocks_editor_width":"","advgb_blocks_columns_visual_guide":"","footnotes":""},"coauthors":[],"author_meta":{"author_link":"https:\/\/culoz-beon.fr\/?author=1","display_name":"culozfreyoculoz"},"relative_dates":{"created":"Publi\u00e9 7 ans il y a","modified":"Mis \u00e0 jour 2 ans il y a"},"absolute_dates":{"created":"Publi\u00e9 le 15 octobre 2019","modified":"Mise \u00e0 jour le 7 mars 2024"},"absolute_dates_time":{"created":"Publi\u00e9 le 15 octobre 2019 13 h 39 min","modified":"Mise \u00e0 jour le 7 mars 2024 14 h 20 min"},"featured_img_caption":"","featured_img":false,"series_order":"","_links":{"self":[{"href":"https:\/\/culoz-beon.fr\/index.php?rest_route=\/wp\/v2\/pages\/1427"}],"collection":[{"href":"https:\/\/culoz-beon.fr\/index.php?rest_route=\/wp\/v2\/pages"}],"about":[{"href":"https:\/\/culoz-beon.fr\/index.php?rest_route=\/wp\/v2\/types\/page"}],"author":[{"embeddable":true,"href":"https:\/\/culoz-beon.fr\/index.php?rest_route=\/wp\/v2\/users\/1"}],"replies":[{"embeddable":true,"href":"https:\/\/culoz-beon.fr\/index.php?rest_route=%2Fwp%2Fv2%2Fcomments&post=1427"}],"version-history":[{"count":17,"href":"https:\/\/culoz-beon.fr\/index.php?rest_route=\/wp\/v2\/pages\/1427\/revisions"}],"predecessor-version":[{"id":7726,"href":"https:\/\/culoz-beon.fr\/index.php?rest_route=\/wp\/v2\/pages\/1427\/revisions\/7726"}],"wp:attachment":[{"href":"https:\/\/culoz-beon.fr\/index.php?rest_route=%2Fwp%2Fv2%2Fmedia&parent=1427"}],"curies":[{"name":"wp","href":"https:\/\/api.w.org\/{rel}","templated":true}]}}